{"id":238,"date":"2018-06-13T15:38:50","date_gmt":"2018-06-13T19:38:50","guid":{"rendered":"https:\/\/paroissestmathieu.ca\/announcements\/"},"modified":"2026-03-19T14:21:14","modified_gmt":"2026-03-19T18:21:14","slug":"announcements","status":"publish","type":"page","link":"https:\/\/paroissestmathieu.ca\/en\/announcements\/","title":{"rendered":"Announcements"},"content":{"rendered":"<div class=\"et_pb_section_0 et_pb_section et_section_regular et_block_section\"><div class=\"et_pb_row_0 et_pb_row et_block_row\"><div class=\"et_pb_column_0 et_pb_column et_pb_column_4_4 et-last-child et_block_column et_pb_css_mix_blend_mode_passthrough\"><div class=\"et_pb_text_0 et_pb_text et_pb_bg_layout_dark et_animated et_pb_module et_block_module et_pb_text_align_center\"><div class=\"et_pb_text_inner\"><h1>Diocesan and regional announcements<\/h1>\n<\/div><\/div><\/div><\/div><\/div><div class=\"et_pb_section_1 et_pb_section et_section_regular et_block_section\"><div class=\"et_pb_row_1 et_pb_row et_block_row\"><div class=\"et_pb_column_1 et_pb_column et_pb_column_4_4 et-last-child et_block_column et_pb_css_mix_blend_mode_passthrough\"><div class=\"et_pb_blog_0 et_pb_blog et_pb_bg_layout_light et_pb_posts et_pb_module\"><div class=\"et_pb_ajax_pagination_container\"><div class=\"et_pb_posts et_block_module\"><article class=\"et_pb_post et_pb_post_id_1264 clearfix et_pb_blog_item_0_0 post-1264 post type-post status-publish format-standard hentry category-announcements\"><h4 class=\"entry-title\"><a href=\"https:\/\/paroissestmathieu.ca\/en\/do-you-have-your-brick-funding-campaign-for-the-reconstruction-of-the-roger-seguin-reception-center\/\">Do you have your brick? Funding Campaign for the Reconstruction of the Roger-S\u00e9guin Reception Center<\/a><\/h4><p class=\"post-meta\"><span class=\"published\">February 2019<\/span><\/p><div class=\"post-content\"><div class=\"post-content-inner\"><p>From February 12 to March 21, 2019, businesses, organizations and schools in the community are challenged to raise as much money as possible by offering their customers a brick in exchange for a donation. They are encouraged to take photos of their &#8220;brick wall&#8221; and&#8230;<\/p>\n<\/div><a href=\"https:\/\/paroissestmathieu.ca\/en\/do-you-have-your-brick-funding-campaign-for-the-reconstruction-of-the-roger-seguin-reception-center\/\" class=\"more-link\">read more&#8230;<\/a><\/div><\/article><article class=\"et_pb_post et_pb_post_id_1476 clearfix et_pb_blog_item_0_1 post-1476 post type-post status-publish format-standard has-post-thumbnail hentry category-announcements\"><h4 class=\"entry-title\"><a href=\"https:\/\/paroissestmathieu.ca\/en\/father-josephs-anniversary-of-priesthood\/\">Father Joseph&#8217;s Anniversary of Priesthood<\/a><\/h4><p class=\"post-meta\"><span class=\"published\">May 2019<\/span><\/p><div class=\"post-content\"><div class=\"post-content-inner\"><p>Father Joseph will celebrate 15 years of priesthood on May 29. With the participation of Saint F\u00e9licit\u00e9, Sacr\u00e9-Coeur, St Pascal and St Mathieu parishes and the Haitian community, we will have a party on June 1st. This celebration will begin with Mass at 5 pm at St&#8230;<\/p>\n<\/div><a href=\"https:\/\/paroissestmathieu.ca\/en\/father-josephs-anniversary-of-priesthood\/\" class=\"more-link\">read more&#8230;<\/a><\/div><\/article><article class=\"et_pb_post et_pb_post_id_3893 clearfix et_pb_blog_item_0_2 post-3893 post type-post status-publish format-standard hentry category-announcements\"><h4 class=\"entry-title\"><a href=\"https:\/\/paroissestmathieu.ca\/en\/special-quest-for-st-vincent-de-paul-together-for-a-good-cause\/\">Special quest for St. Vincent de Paul: Together for a good cause<\/a><\/h4><p class=\"post-meta\"><span class=\"published\">November 2024<\/span><\/p><div class=\"post-content\"><div class=\"post-content-inner\"><p>From November 17 and until December 8, a special collection will be organized for St. Vincent de Paul during Sunday masses. Envelopes will be available in the pews to collect your contributions. Please note that for any donation, a receipt for tax purposes will be&#8230;<\/p>\n<\/div><a href=\"https:\/\/paroissestmathieu.ca\/en\/special-quest-for-st-vincent-de-paul-together-for-a-good-cause\/\" class=\"more-link\">read more&#8230;<\/a><\/div><\/article><article class=\"et_pb_post et_pb_post_id_3895 clearfix et_pb_blog_item_0_3 post-3895 post type-post status-publish format-standard hentry category-announcements\"><h4 class=\"entry-title\"><a href=\"https:\/\/paroissestmathieu.ca\/en\/sale-of-christmas-logs-a-great-success\/\">Sale of Christmas logs: A great success!<\/a><\/h4><p class=\"post-meta\"><span class=\"published\">November 2024<\/span><\/p><div class=\"post-content\"><div class=\"post-content-inner\"><p>We have already sold 162 Christmas logs, and it&#8217;s thanks to you! Your unwavering support and commitment make this activity a true success. For those who have placed an order, the log collection date is scheduled for December 2, 2024. We warmly thank you for helping to&#8230;<\/p>\n<\/div><a href=\"https:\/\/paroissestmathieu.ca\/en\/sale-of-christmas-logs-a-great-success\/\" class=\"more-link\">read more&#8230;<\/a><\/div><\/article><article class=\"et_pb_post et_pb_post_id_3897 clearfix et_pb_blog_item_0_4 post-3897 post type-post status-publish format-standard hentry category-announcements\"><h4 class=\"entry-title\"><a href=\"https:\/\/paroissestmathieu.ca\/en\/collection-of-cans-and-bottles-a-collective-success\/\">Collection of Cans and Bottles: A collective success<\/a><\/h4><p class=\"post-meta\"><span class=\"published\">November 2024<\/span><\/p><div class=\"post-content\"><div class=\"post-content-inner\"><p>Our can and bottle collection initiative is a great success thanks to your continued participation and support. Since July 9, 2023, we have raised an impressive $5,267.80. Thank you to everyone who contributed to this great collective effort. But let&#8217;s not stop there!&#8230;<\/p>\n<\/div><a href=\"https:\/\/paroissestmathieu.ca\/en\/collection-of-cans-and-bottles-a-collective-success\/\" class=\"more-link\">read more&#8230;<\/a><\/div><\/article><article class=\"et_pb_post et_pb_post_id_3899 clearfix et_pb_blog_item_0_5 post-3899 post type-post status-publish format-standard hentry category-announcements\"><h4 class=\"entry-title\"><a href=\"https:\/\/paroissestmathieu.ca\/en\/lottery-st-mathieu-2025-help-us-achieve-our-goal\/\">Lottery St-Mathieu 2025: Help us achieve our goal!<\/a><\/h4><p class=\"post-meta\"><span class=\"published\">November 2024<\/span><\/p><div class=\"post-content\"><div class=\"post-content-inner\"><p>The St-Mathieu Lottery 2025 is a resounding success, but there are still 30 tickets to sell to reach our final goal. We are calling on your generosity and that of your loved ones to help us close this campaign on a positive note. Buying a ticket improves your chances&#8230;<\/p>\n<\/div><a href=\"https:\/\/paroissestmathieu.ca\/en\/lottery-st-mathieu-2025-help-us-achieve-our-goal\/\" class=\"more-link\">read more&#8230;<\/a><\/div><\/article><article class=\"et_pb_post et_pb_post_id_3625 clearfix et_pb_blog_item_0_6 post-3625 post type-post status-publish format-standard has-post-thumbnail hentry category-announcements\"><h4 class=\"entry-title\"><a href=\"https:\/\/paroissestmathieu.ca\/en\/grand-reopening\/\">Grand reopening<\/a><\/h4><p class=\"post-meta\"><span class=\"published\">December 2023<\/span><\/p><div class=\"post-content\"><div class=\"post-content-inner\"><p>We are very pleased to announce that the repairs to St-Mathieu Church are now complete. We are expecting you in large numbers.<\/p>\n<\/div><a href=\"https:\/\/paroissestmathieu.ca\/en\/grand-reopening\/\" class=\"more-link\">read more&#8230;<\/a><\/div><\/article><article class=\"et_pb_post et_pb_post_id_3594 clearfix et_pb_blog_item_0_7 post-3594 post type-post status-publish format-standard hentry category-announcements\"><h4 class=\"entry-title\"><a href=\"https:\/\/paroissestmathieu.ca\/en\/columbarium\/\">Columbarium<\/a><\/h4><p class=\"post-meta\"><span class=\"published\">November 2023<\/span><\/p><div class=\"post-content\"><div class=\"post-content-inner\"><p>We are pleased to announce the installation of a 2nd Columbarium containing 40 niches. When purchasing a niche before January 1, 2024, we offer engraving on the plaque free of charge. Price of a niche: $2125.00 $375.00 (maintenance fund) = $2500.00 (2 rights = 2 urns)<\/p>\n<\/div><a href=\"https:\/\/paroissestmathieu.ca\/en\/columbarium\/\" class=\"more-link\">read more&#8230;<\/a><\/div><\/article><article class=\"et_pb_post et_pb_post_id_3362 clearfix et_pb_blog_item_0_8 post-3362 post type-post status-publish format-standard hentry category-announcements\"><h4 class=\"entry-title\"><a href=\"https:\/\/paroissestmathieu.ca\/en\/the-saint-mathieu-cemetery-committee-is-looking-for-help\/\">The Saint-Mathieu Cemetery Committee is looking for help<\/a><\/h4><p class=\"post-meta\"><span class=\"published\">November 2022<\/span><\/p><div class=\"post-content\"><div class=\"post-content-inner\"><p>The Saint-Mathieu Cemetery Committee is looking for someone interested in maintaining and performing the various tasks related to the cemetery. You can contact Francine Gendron 613 487-2081 or a member of the committee. Thanks.<\/p>\n<\/div><a href=\"https:\/\/paroissestmathieu.ca\/en\/the-saint-mathieu-cemetery-committee-is-looking-for-help\/\" class=\"more-link\">read more&#8230;<\/a><\/div><\/article><article class=\"et_pb_post et_pb_post_id_3356 clearfix et_pb_blog_item_0_9 post-3356 post type-post status-publish format-standard hentry category-announcements\"><h4 class=\"entry-title\"><a href=\"https:\/\/paroissestmathieu.ca\/en\/christmas-concert-december-11-at-2-p-m-at-saint-jacques-church-embrun\/\">Christmas concert, December 11 at 2 p.m. at Saint-Jacques Church (Embrun)<\/a><\/h4><p class=\"post-meta\"><span class=\"published\">October 2022<\/span><\/p><div class=\"post-content\"><div class=\"post-content-inner\"><p>After a long break due to the pandemic, we present to you our 3rd quality concert with the group TOCAD\u00c9O, made up of four talented tenors who will do us proud. To reserve your tickets, call the parish office at 613-443-2817. Prices vary between $60 and $48 in the&#8230;<\/p>\n<\/div><a href=\"https:\/\/paroissestmathieu.ca\/en\/christmas-concert-december-11-at-2-p-m-at-saint-jacques-church-embrun\/\" class=\"more-link\">read more&#8230;<\/a><\/div><\/article><article class=\"et_pb_post et_pb_post_id_3352 clearfix et_pb_blog_item_0_10 post-3352 post type-post status-publish format-standard hentry category-announcements\"><h4 class=\"entry-title\"><a href=\"https:\/\/paroissestmathieu.ca\/en\/first-pardon-first-communion-and-confirmation\/\">First Pardon, First Communion and Confirmation<\/a><\/h4><p class=\"post-meta\"><span class=\"published\">October 2022<\/span><\/p><div class=\"post-content\"><div class=\"post-content-inner\"><p>We have come together to prepare an agenda for celebrating the sacraments with the students of our schools. The delivery of the Gospels for 4th year students will take place the week of November 20. The delivery of the book Du Pain de vie will also be in November,&#8230;<\/p>\n<\/div><a href=\"https:\/\/paroissestmathieu.ca\/en\/first-pardon-first-communion-and-confirmation\/\" class=\"more-link\">read more&#8230;<\/a><\/div><\/article><article class=\"et_pb_post et_pb_post_id_3348 clearfix et_pb_blog_item_0_11 post-3348 post type-post status-publish format-standard hentry category-announcements\"><h4 class=\"entry-title\"><a href=\"https:\/\/paroissestmathieu.ca\/en\/regional-pastoral-meeting\/\">Regional pastoral meeting<\/a><\/h4><p class=\"post-meta\"><span class=\"published\">October 2022<\/span><\/p><div class=\"post-content\"><div class=\"post-content-inner\"><p>Region III &#8211; Bourget, Tuesday, November 8, in the sacristy, after mass at 6:30 p.m.<\/p>\n<\/div><a href=\"https:\/\/paroissestmathieu.ca\/en\/regional-pastoral-meeting\/\" class=\"more-link\">read more&#8230;<\/a><\/div><\/article><article class=\"et_pb_post et_pb_post_id_3344 clearfix et_pb_blog_item_0_12 post-3344 post type-post status-publish format-standard hentry category-announcements\"><h4 class=\"entry-title\"><a href=\"https:\/\/paroissestmathieu.ca\/en\/christmas-festival\/\">Christmas Festival<\/a><\/h4><p class=\"post-meta\"><span class=\"published\">October 2022<\/span><\/p><div class=\"post-content\"><div class=\"post-content-inner\"><p>At Ste F\u00e9licit\u00e9 parish in Clarence Creek, Saturday, November 5, 9 a.m. to 4 p.m., at Ste-F\u00e9licit\u00e9 school. Crafts, gifts, 50\/50 draw, crafts for children, student exhibition. Santa Claus will be present. $25\/table. Contact Chantal Pilon at 613-784-9632 or Nicole&#8230;<\/p>\n<\/div><a href=\"https:\/\/paroissestmathieu.ca\/en\/christmas-festival\/\" class=\"more-link\">read more&#8230;<\/a><\/div><\/article><article class=\"et_pb_post et_pb_post_id_967 clearfix et_pb_blog_item_0_13 post-967 post type-post status-publish format-standard hentry category-announcements\"><h4 class=\"entry-title\"><a href=\"https:\/\/paroissestmathieu.ca\/en\/friendly-whist\/\">Friendly Whist<\/a><\/h4><p class=\"post-meta\"><span class=\"published\">October 2022<\/span><\/p><div class=\"post-content\"><div class=\"post-content-inner\"><p>The Bourget Leisure Committee is organizing a Friendly Whist on Saturday November 19th. The cost is $15 per person. For information contact Monique at (613) 299-5317 or Gabrielle at (613) 282-3076.<\/p>\n<\/div><a href=\"https:\/\/paroissestmathieu.ca\/en\/friendly-whist\/\" class=\"more-link\">read more&#8230;<\/a><\/div><\/article><article class=\"et_pb_post et_pb_post_id_2618 clearfix et_pb_blog_item_0_14 post-2618 post type-post status-publish format-standard has-post-thumbnail hentry category-announcements\"><h4 class=\"entry-title\"><a href=\"https:\/\/paroissestmathieu.ca\/en\/hamnmond-wonderland\/\">Hamnmond Wonderland<\/a><\/h4><p class=\"post-meta\"><span class=\"published\">November 2020<\/span><\/p><div class=\"post-content\"><div class=\"post-content-inner\"><\/div><a href=\"https:\/\/paroissestmathieu.ca\/en\/hamnmond-wonderland\/\" class=\"more-link\">read more&#8230;<\/a><\/div><\/article><article class=\"et_pb_post et_pb_post_id_2295 clearfix et_pb_blog_item_0_15 post-2295 post type-post status-publish format-standard hentry category-announcements\"><h4 class=\"entry-title\"><a href=\"https:\/\/paroissestmathieu.ca\/en\/online-eucharistic-celebrations\/\">Online eucharistic celebrations<\/a><\/h4><p class=\"post-meta\"><span class=\"published\">March 2020<\/span><\/p><div class=\"post-content\"><div class=\"post-content-inner\"><p>Dear parishioners, Since the closing of the churches because of the Coronavirus, we have had to use technology so that we can continue to celebrate in community. To stay connected with the parishioners and with the approval of Father Joseph, we therefore started&#8230;<\/p>\n<\/div><a href=\"https:\/\/paroissestmathieu.ca\/en\/online-eucharistic-celebrations\/\" class=\"more-link\">read more&#8230;<\/a><\/div><\/article><article class=\"et_pb_post et_pb_post_id_2209 clearfix et_pb_blog_item_0_16 post-2209 post type-post status-publish format-standard hentry category-announcements\"><h4 class=\"entry-title\"><a href=\"https:\/\/paroissestmathieu.ca\/en\/cardiopulmonary-resuscitation-cpr-course\/\">Cardiopulmonary resuscitation (CPR) course<\/a><\/h4><p class=\"post-meta\"><span class=\"published\">February 2020<\/span><\/p><div class=\"post-content\"><div class=\"post-content-inner\"><p>March 21, at the SACR\u00c9-COEUR parish of BOURGET. Registration: Aline 613 487 2442<\/p>\n<\/div><a href=\"https:\/\/paroissestmathieu.ca\/en\/cardiopulmonary-resuscitation-cpr-course\/\" class=\"more-link\">read more&#8230;<\/a><\/div><\/article><\/div><div class='wp-pagenavi' role='navigation'>\n<span class='pages'>Page 1 sur 8<\/span><span aria-current='page' class='current'>1<\/span><a class=\"page larger\" title=\"Page 2\" href=\"https:\/\/paroissestmathieu.ca\/en\/wp-json\/wp\/v2\/pages\/238\/page\/2\/?et_blog\">2<\/a><a class=\"page larger\" title=\"Page 3\" href=\"https:\/\/paroissestmathieu.ca\/en\/wp-json\/wp\/v2\/pages\/238\/page\/3\/?et_blog\">3<\/a><a class=\"page larger\" title=\"Page 4\" href=\"https:\/\/paroissestmathieu.ca\/en\/wp-json\/wp\/v2\/pages\/238\/page\/4\/?et_blog\">4<\/a><a class=\"page larger\" title=\"Page 5\" href=\"https:\/\/paroissestmathieu.ca\/en\/wp-json\/wp\/v2\/pages\/238\/page\/5\/?et_blog\">5<\/a><span class='extend'>\u2026<\/span><a class=\"nextpostslink\" rel=\"next\" aria-label=\"Next Page\" href=\"https:\/\/paroissestmathieu.ca\/en\/wp-json\/wp\/v2\/pages\/238\/page\/2\/?et_blog\">&raquo;<\/a><a class=\"last\" aria-label=\"Last Page\" href=\"https:\/\/paroissestmathieu.ca\/en\/wp-json\/wp\/v2\/pages\/238\/page\/8\/?et_blog\">Derni\u00e8re page &raquo;<\/a>\n<\/div><\/div><\/div><\/div><\/div><\/div>","protected":false},"excerpt":{"rendered":"","protected":false},"author":1,"featured_media":0,"parent":0,"menu_order":0,"comment_status":"closed","ping_status":"closed","template":"","meta":{"give_campaign_id":0,"_monsterinsights_skip_tracking":false,"_monsterinsights_sitenote_active":false,"_monsterinsights_sitenote_note":"","_monsterinsights_sitenote_category":0,"footnotes":""},"class_list":["post-238","page","type-page","status-publish","hentry"],"aioseo_notices":[],"campaignId":"","_links":{"self":[{"href":"https:\/\/paroissestmathieu.ca\/en\/wp-json\/wp\/v2\/pages\/238","targetHints":{"allow":["GET"]}}],"collection":[{"href":"https:\/\/paroissestmathieu.ca\/en\/wp-json\/wp\/v2\/pages"}],"about":[{"href":"https:\/\/paroissestmathieu.ca\/en\/wp-json\/wp\/v2\/types\/page"}],"author":[{"embeddable":true,"href":"https:\/\/paroissestmathieu.ca\/en\/wp-json\/wp\/v2\/users\/1"}],"replies":[{"embeddable":true,"href":"https:\/\/paroissestmathieu.ca\/en\/wp-json\/wp\/v2\/comments?post=238"}],"version-history":[{"count":2,"href":"https:\/\/paroissestmathieu.ca\/en\/wp-json\/wp\/v2\/pages\/238\/revisions"}],"predecessor-version":[{"id":4633,"href":"https:\/\/paroissestmathieu.ca\/en\/wp-json\/wp\/v2\/pages\/238\/revisions\/4633"}],"wp:attachment":[{"href":"https:\/\/paroissestmathieu.ca\/en\/wp-json\/wp\/v2\/media?parent=238"}],"curies":[{"name":"wp","href":"https:\/\/api.w.org\/{rel}","templated":true}]}}